{"version":"1.0","provider_name":"Keresztez\u0151d\u00e9sek, v\u00e1laszt\u00e1sok, d\u00f6nt\u00e9sek","provider_url":"https:\/\/keresztezodesek.cafeblog.hu","author_name":"Nagy Erika","author_url":"https:\/\/keresztezodesek.cafeblog.hu\/author\/eracska77gmail-com\/","title":"A term\u00e9szet..","html":"<p>\u00a0...a term\u00e9szet amely \u00e9l akkor is, ha te m\u00e1r nem..akkor is, ha te j\u00f3l \u00e9lsz, akkor is, ha nem. A term\u00e9szetet nem \u00e9rdekli, hogy hogyan viseled a f\u00e1jdalmat s az \u00f6r\u00f6met, nehezek, vagy k\u00f6nny\u0171ek a mindennapjaid. \u0150 csak van, kiszolg\u00e1ltatva a te k\u00e9nyed-kedvednek, s elt\u0171rve, hogy kizs\u00e1km\u00e1nyolod \u00e9s puszt\u00edtod \u0151t nap mint nap, nem figyelsz oda r\u00e1. B\u00e1r nem \u00e9rdekli a mindennapi \u00e9leted, m\u00e9gis a leg\u00e9rz\u00e9kenyebben reag\u00e1l r\u00e1d, arra, hogy hogyan b\u00e1nsz \u0150vele. Hiszen n\u00e9lk\u00fcle nem lenn\u00e9l. \u0150 szolg\u00e1ltatja sz\u00e1modra az \u00e9ltet\u0151 k\u00f6zeget, a napf\u00e9nyt, vizet, leveg\u0151t, a n\u00f6v\u00e9nyeket, az \u00e1llatokat, egysz\u00f3val a fl\u00f3r\u00e1t \u00e9s faun\u00e1t, mikro- \u00e9s makrok\u00f6rnyezetet.<\/p>\r\n<p><img class=\" size-medium wp-image-175 aligncenter\" src=\"https:\/\/keresztezodesek.cafeblog.hu\/files\/2015\/07\/20120214_095142-300x225.jpg\" alt=\"20120214_095142\" width=\"300\" height=\"225\" \/><\/p>\r\n<p>Eln\u00e9ztem h\u00e9tv\u00e9g\u00e9n, ahogyan a napf\u00e9ny megvil\u00e1g\u00edtja a mez\u0151gazdas\u00e1gi f\u00f6ldeket, s k\u00f6zben egy- egy felh\u0151 odamer\u00e9szkedik. Ahogyan vonul a f\u00e9ny \u00e9s \u00e1rny\u00e9k egym\u00e1st k\u00f6vetve, j\u00e1tszadozva, k\u00fcl\u00f6nb\u00f6z\u0151 \u00e1rnyakat, alakzatokat l\u00e9trehozva a term\u00e9s felett. Ahogyan a nap, a f\u00e9ny, az es\u0151v\u00edz \u00e9s a leveg\u0151 pirosra \u00e9rleli a poty\u00f3k\u00e1t, melynek isteni \u00e9des \u00edze van. Mik\u00f6zben mez\u00edtl\u00e1b s\u00e9t\u00e1ltam a betonon, \u00e9lveztem annak meleg\u00e9t, s a madarak \u00e9nek\u00e9t, f\u00e1k leveleinek suttog\u00e1s\u00e1t. Hallgattam a darazsak dong\u00e1s\u00e1t, est\u00e9nk\u00e9nt \u00a0a sz\u00fanyogok rajz\u00e1s\u00e1nak zaj\u00e1t, z\u00fcmm\u00f6g\u00e9s\u00e9t. \u00a0A sz\u00e9l hangja egy percre elvitte gondolataimat, s nem maradt m\u00e1s, csak a finom \u00fcress\u00e9g, egybeolvad\u00e1s a mindens\u00e9ggel. Kitiszt\u00edtotta elm\u00e9met, mert engedtem, hogy gy\u00f3gy\u00edtson. Elf\u00fajt mindent, ami m\u00e1r nem hozz\u00e1m tartozott, helyet teremtve az \u00fajnak, a k\u00f6vetkez\u0151 t\u00f6rt\u00e9netnek. Mert mindannyiunknak van egy, k\u00e9t, vagy t\u00f6bb saj\u00e1t t\u00f6rt\u00e9nete, mely \u00e9let\u00e9nek vide\u00f3j\u00e1ban k\u00fcl\u00f6n epiz\u00f3dokat teremt. A term\u00e9szet gy\u00f3gy\u00edt. Olyan csod\u00e1kat ad nek\u00fcnk, amelyeket nem is rem\u00e9l\u00fcnk \u00e9s \u00e9szre sem vessz\u00fck, hogy szebb\u00e9 teszi az \u00e9let\u00fcnket, ha engedj\u00fck, ha hagyjuk neki. B\u00e1r nem \u00e9rdekli mi\u00e9rt vagy vele, mi\u00e9rt j\u00f6tt\u00e9l ide, \u0151 igyekszik sz\u00e1modra a legjobbat, az \u00e9lhet\u0151 \u00e9letet adni. Csak mert vagy, mert elfogad t\u00e9ged, mert szeret. \u00a0Zseni\u00e1lis a term\u00e9szet. Egy fantasztikus teremtm\u00e9nye Istennek melyet kizs\u00e1km\u00e1nyolunk, kihaszn\u00e1lunk, s magunk ut\u00e1n hagyunk betegen, nem t\u00f6r\u0151dve \u00a0a k\u00f6vetkezm\u00e9nyekkel..<\/p>\r\n<p><img class=\" size-medium wp-image-176 aligncenter\" src=\"https:\/\/keresztezodesek.cafeblog.hu\/files\/2015\/07\/20120214_031000-300x225.jpg\" alt=\"20120214_031000\" width=\"300\" height=\"225\" \/><\/p>\r\n<p>Szeretek \u00e9lni. Szeretem ezt a F\u00f6ldet, a milli\u0151t amit ny\u00fajt nekem, ami k\u00f6r\u00fclvesz. \u00c9n vagyok az \u00f6r\u00f6k \u00e9letim\u00e1d\u00f3 optimista. Rem\u00e9nykedem, egyszer Te is \u00e9szreveszed a csod\u00e1t, melynek \u00e9letedet k\u00f6sz\u00f6nheted! Tal\u00e1n megl\u00e1tod a sz\u00e9ps\u00e9get, mely visszat\u00fckr\u00f6z\u0151dik tekintetedben. Tal\u00e1n nincs lehetetlen...a szeretet nem k\u00e9rd\u00e9s. A k\u00e9rd\u00e9s az, hogy \u00e9szreveszed-e, \u00e9s hagyod-e \u00e1ramlani ki \u00e9s be.....<\/p>","type":"rich","thumbnail_url":"https:\/\/keresztezodesek.cafeblog.hu\/files\/2015\/07\/20120214_031000-150x150.jpg","thumbnail_width":150,"thumbnail_height":150}