{"version":"1.0","provider_name":"Keresztez\u0151d\u00e9sek, v\u00e1laszt\u00e1sok, d\u00f6nt\u00e9sek","provider_url":"https:\/\/keresztezodesek.cafeblog.hu","author_name":"Nagy Erika","author_url":"https:\/\/keresztezodesek.cafeblog.hu\/author\/eracska77gmail-com\/","title":"Egyed\u00fcl az \u00faton..","html":"<p>Mindig v\u00e1ltozik az \u00e9let\u00fcnk. Vannak kisebb \u00e9s nagyobb fordulatok, melyeket k\u00f6nnyebben \u00e9s nehezebben \u00e9l\u00fcnk meg, de folyamatosan d\u00f6nt\u00e9sek \u00e9s ez\u00e1ltal v\u00e1ltoz\u00e1sok keresztt\u00fcz\u00e9ben vagyunk. Amikor gy\u00f6keresebb, \u00e9letm\u00f3dunkat, filoz\u00f3fi\u00e1nkat vagy \u00e9letter\u00fcnket \u00e9rinti a v\u00e1ltoz\u00e1s, \u00f3hatatlan, hogy szoci\u00e1lis interakci\u00f3ink is megv\u00e1ltoznak. M\u00e1sk\u00e9ppen kezd\u00fcnk el kommunik\u00e1lni, viselkedni, m\u00e1s lesz a megjelen\u00e9s\u00fcnk, s ez hozza mag\u00e1val, hogy ak\u00e1r teljesen kicser\u00e9l\u0151dnek a mellett\u00fcnk, vel\u00fcnk \u00e9l\u0151 emberek, \u00fatit\u00e1rsak.<\/p>\r\n<p>Egyvalamit azonban tudom\u00e1sul kell venn\u00fcnk. M\u00e9gpedig azt, hogy mindig egyed\u00fcl megy\u00fcnk az \u00faton! Nemes egyszer\u0171s\u00e9ggel csak egy \u00e9letet tudunk \u00e9lni, m\u00e9g akkor is, ha nem a saj\u00e1tunkat \u00e9lj\u00fck...J\u00f6hetn\u00e9k a tipikus vonat hasonlattal, de t\u00e9nyleg \u00edgy van. Ki-ki \u00e9li a maga \u00e9let\u00e9t vel\u00fcnk \u00f6sszefon\u00f3dva, vagy mellett\u00fcnk, de akkor is egyed\u00fcl kell v\u00e9gigmenni azon az \u00faton, ami csak \u00e9s kiz\u00e1r\u00f3lag nek\u00fcnk rendeltetett. Amit kijel\u00f6lt\u00fcnk magunknak. Persze ir\u00e1nyv\u00e1lt\u00e1s, \u00e9les vagy kisebb kanyarok belef\u00e9rnek, de \u00e9ppen ezek a d\u00f6nt\u00e9sek eredm\u00e9nyezik, hogy t\u00e1rsak j\u00f6nnek \u00e9s mennek. S azt tapasztalom, hogy att\u00f3l f\u00fcgg\u0151en merre megy\u00fcnk, olyan emberek ker\u00fclnek mell\u00e9nk, kik seg\u00edtenek min\u00e9l m\u00e9lyebben meg\u00e9lni \u00e9lm\u00e9nyeinket, megtal\u00e1lni utunk aj\u00e1nd\u00e9kait.\u00a0<\/p>\r\n<p><a href=\"https:\/\/keresztezodesek.cafeblog.hu\/files\/2016\/09\/vandor.gif\"><img class=\"aligncenter  wp-image-332\" src=\"https:\/\/keresztezodesek.cafeblog.hu\/files\/2016\/09\/vandor-300x225.gif\" alt=\"vandor\" width=\"479\" height=\"359\" \/><\/a><\/p>\r\n<p>Ism\u00e9t nagy ir\u00e1nyv\u00e1lt\u00e1sok zajlanak t\u00far\u00e1m sor\u00e1n..ahogyan\u00a0haladok el\u0151re, l\u00e1tom, hogy milyen kicsi vagyok. Sokszor emlegetem nagy tud\u00e1s\u00fa oktat\u00f3mat, akit\u0151l rengeteget tanulhattam, Dr Taraczk\u00f6zit, aki azt mondta egyszer nek\u00fcnk: (id\u00e9zet szabadon) \"Megl\u00e1tj\u00e1k, min\u00e9l t\u00f6bbet tudnak \u00e9s tapasztalnak, ann\u00e1l ink\u00e1bb tiszt\u00e1ban lesznek \u00f6nn\u00f6n kicsinys\u00e9g\u00fckkel, hogy mennyi minden l\u00e9tezik az univerzumban, amir\u0151l fogalmuk nincs.\" Egyre ink\u00e1bb l\u00e1tom, hogy mennyi mindent nem tudok, \u00e9ppen ez\u00e9rt m\u00e1r \u00e9rtem azt is amikor arr\u00f3l besz\u00e9lt, hogy kezdj\u00fcnk el \u00e9lni, kezdj\u00fcnk el seg\u00edteni a hozz\u00e1nk fordul\u00f3knak, mert ha arra v\u00e1runk, hogy mindent tudjunk, sosem j\u00f6n el az ideje.\u00a0<\/p>\r\n<p>Ma egy sz\u00e1momra kedves embernek azt mondtam, hogy okos...visszak\u00e9rdezett, tudom-e ez mit jelent. Mondtam neki, hogy az a l\u00e9nyeg, nekem mit mond: \"nekem azt, hogy sz\u00e1momra elismert integr\u00e1lt tud\u00e1ssal rendelkezik vki amit tisztelek\" Erre ezt a v\u00e1laszt kaptam, annak k\u00eds\u00e9ret\u00e9ben, hogy \u0151r\u00e1 ez nem vonatkozik:<\/p>\r\n<p>\"am\u00fagy azt jelenti hogy ok-os, ismeri az ok-okozat \u00f6sszef\u00fcgg\u00e9seit\"<\/p>\r\n<p>Azt gondolom, hogy mindenkiben van valami igaz\u00e1n csod\u00e1latra \u00e9s tiszteletre m\u00e9lt\u00f3, amit csak \u0151 tud megmutatni a vil\u00e1gnak, felt\u00e9ve, ha saj\u00e1t \u00e9let\u00e9t \u00e9li, \u00e9s felv\u00e1llalja \u00f6nmag\u00e1t. Sz\u00e1momra az intelligencia \u00e9s az \u00e9sz, ha valaki j\u00f3l haszn\u00e1lja, nagyon tiszteletrem\u00e9lt\u00f3. Sosem fogok annyit tudni \u00e9s olyan j\u00f3l \u00e9rteni a term\u00e9szetgy\u00f3gy\u00e1szathoz, mint a doki, akit fentebb id\u00e9ztem...de \u0151 sem lesz sosem olyan t\u00edpus\u00fa seg\u00edt\u0151 mint \u00e9n, hiszen k\u00fcl\u00f6nb\u00f6z\u0151 utakon j\u00e1runk, k\u00fcl\u00f6nb\u00f6z\u0151 tapasztal\u00e1sokkal, \u00e9s \u00fatit\u00e1rsakkal.\u00a0M\u00e9lys\u00e9gesen tisztelem a tud\u00e1s\u00e1t, \u00e9s v\u00e9gtelen\u00fcl h\u00e1l\u00e1s vagyok \u00e9s leszek eg\u00e9sz \u00e9letemben, hogy tanulhattam t\u0151le. Pedig t\u00edz \u00e9ve nem tal\u00e1lkoztam m\u00e1r vele, s ki tudja, hogy fogok-e m\u00e9g valaha.<\/p>\r\n<p>T\u00f6bb olyan ember van, aki mell\u0151l most elkanyarodom, mert utam \u00e9lesen m\u00e1sfel\u00e9 tart. Lehet, hogy \u00fajra tal\u00e1lkozunk majd, lehet, hogy m\u00e1r sosem. M\u00e9gis, olyan dolgokat adtak az \u00e9letemhez, amik n\u00e9lk\u00fcl sokkal, de sokkal kevesebb lenn\u00e9k. S j\u00f6ttek t\u00f6bben, kikkel \u00a0egy ir\u00e1nyba tartunk, ki tudja meddig. Igyekszem figyelni r\u00e1juk is, hogy milyen aj\u00e1nd\u00e9kot hoznak nekem. Ehhez nagyon m\u00e9ly \u00f6nmunka tartozik, mert k\u00f6nnyen kib\u00fajok \u00e1m a dolgok al\u00f3l, a ker\u00fcl\u0151 utak m\u0171v\u00e9sze vagyok, pedig rendszeresen szembes\u00fcl\u00f6k azzal, hogy m\u00e1r megint ugyanazt a k\u00f6rt futottam. Sz\u00f3val t\u00f6rekszem r\u00e1, hogy ok-os legyek, a sz\u00f3 mindk\u00e9t \u00e9rtelm\u00e9ben. Hogy tudjam, hogy mikor, kinek van itt az ideje az \u00e9letemben, hogy elb\u00facs\u00fazzak t\u0151le, esetleg \u00fcdv\u00f6z\u00f6ljem, hogy tudjam, melyik utat v\u00e1lasztom..<\/p>\r\n<p>&nbsp;<\/p>","type":"rich","thumbnail_url":"https:\/\/keresztezodesek.cafeblog.hu\/files\/2016\/09\/vandor-150x150.gif","thumbnail_width":150,"thumbnail_height":150}